{"id":45412,"date":"2026-02-09T09:19:08","date_gmt":"2026-02-09T09:19:08","guid":{"rendered":"https:\/\/www.svntvnnvbeta.it\/datenschutzerklaerung\/work-with-us\/"},"modified":"2026-07-17T07:39:17","modified_gmt":"2026-07-17T07:39:17","slug":"arbeiten-sie-mit-uns","status":"publish","type":"page","link":"https:\/\/www.santanna.it\/de\/datenschutzerklaerung\/arbeiten-sie-mit-uns\/","title":{"rendered":"Datenschutzerklaerung &#8211; Arbeiten sie mit uns"},"content":{"rendered":"\t\t<div data-elementor-type=\"wp-page\" data-elementor-id=\"45412\" class=\"elementor elementor-45412 elementor-44170\" data-elementor-post-type=\"page\">\n\t\t\t\t<div class=\"elementor-element elementor-element-d09c75a e-con-full e-flex wpr-particle-no wpr-jarallax-no wpr-parallax-no wpr-sticky-section-no wpr-column-slider-no wpr-equal-height-no e-con e-parent\" data-id=\"d09c75a\" data-element_type=\"container\" data-e-type=\"container\" data-settings=\"{&quot;background_background&quot;:&quot;classic&quot;}\">\n\t\t\t\t<div class=\"elementor-element elementor-element-c05e3da elementor-widget-mobile__width-inherit elementor-absolute e-transform elementor-widget elementor-widget-heading\" data-id=\"c05e3da\" data-element_type=\"widget\" data-e-type=\"widget\" data-settings=\"{&quot;_position&quot;:&quot;absolute&quot;,&quot;_transform_translateX_effect&quot;:{&quot;unit&quot;:&quot;%&quot;,&quot;size&quot;:-50,&quot;sizes&quot;:[]},&quot;_transform_translateX_effect_tablet&quot;:{&quot;unit&quot;:&quot;%&quot;,&quot;size&quot;:&quot;&quot;,&quot;sizes&quot;:[]},&quot;_transform_translateX_effect_mobile&quot;:{&quot;unit&quot;:&quot;%&quot;,&quot;size&quot;:&quot;&quot;,&quot;sizes&quot;:[]},&quot;_transform_translateY_effect&quot;:{&quot;unit&quot;:&quot;%&quot;,&quot;size&quot;:-50,&quot;sizes&quot;:[]},&quot;_transform_translateY_effect_tablet&quot;:{&quot;unit&quot;:&quot;%&quot;,&quot;size&quot;:&quot;&quot;,&quot;sizes&quot;:[]},&quot;_transform_translateY_effect_mobile&quot;:{&quot;unit&quot;:&quot;%&quot;,&quot;size&quot;:&quot;&quot;,&quot;sizes&quot;:[]}}\" data-widget_type=\"heading.default\">\n\t\t\t\t<div class=\"elementor-widget-container\">\n\t\t\t\t\t<h1 class=\"elementor-heading-title elementor-size-default\">Datenschutzerklaerung<br \/>\n Arbeiten sie mit uns<\/h1>\t\t\t\t<\/div>\n\t\t\t\t<\/div>\n\t\t\t\t<\/div>\n\t\t<div class=\"elementor-element elementor-element-131d540 e-flex e-con-boxed wpr-particle-no wpr-jarallax-no wpr-parallax-no wpr-sticky-section-no wpr-column-slider-no wpr-equal-height-no e-con e-parent\" data-id=\"131d540\" data-element_type=\"container\" data-e-type=\"container\">\n\t\t\t\t\t<div class=\"e-con-inner\">\n\t\t\t\t<div class=\"elementor-element elementor-element-77aad8b elementor-widget__width-inherit elementor-widget-tablet__width-inherit elementor-widget-mobile__width-inherit elementor-widget elementor-widget-text-editor\" data-id=\"77aad8b\" data-element_type=\"widget\" data-e-type=\"widget\" data-widget_type=\"text-editor.default\">\n\t\t\t\t<div class=\"elementor-widget-container\">\n\t\t\t\t\t\t\t\t\t<h4>In diesem Abschnitt k\u00f6nnen Sie die Datenschutzrichtlinie f\u00fcr das Formular &#8222;Arbeiten Sie mit uns&#8220; einsehen.<\/h4><br\/>\n<h3><\/h3>\n<strong>DATENSCHUTZHINWEIS NACH ART. 13 DER VERORDNUNG (EU) 679\/2016 (GDPR &#8211; GENERAL DATA PROTECTION REGULATION) UND ART.111 bis DES ITALIENISCHEN GESETZESDEKRETS 196\/2003, GE\u00c4NDERT DURCH GESETZESDEKRET 101\/2018 ZUR VERARBEITUNG VON PERSONENBEZOGENEN DATEN :<\/strong><br\/>\n\n<strong>AUSWAHL DER MITARBEITER<\/strong>\n<h3><\/h3>\n<h3>Verantwortlicher<\/h3>\nLDer Verantwortliche ist Acqua Sant\u2019Anna S.p.A. mit Firmensitz in Via Commendator Giuseppe Bertone, 1 \u2013 12010 Vinadio (Cuneo) &#8211; Italien\n<h3><\/h3>\n<h3>Beschreibung der Verarbeitung<\/h3>\nVerwaltung der Lebensl\u00e4ufe und Bewerbungen\n<h3><\/h3>\n<h3>Zweck, Rechtsgrundlage und Frist<\/h3>\nDie Verarbeitung wird wie folgt ausgef\u00fchrt:\n<ul>\n \t<li><b><i>Zweck<\/i><\/b>\nAuswahl der Mitarbeiter<\/li>\n \t<li><b><i>Rechtsgrundlage<\/i><\/b>\n(Art.6 1.b Verordnung (EU) 679\/2016) Erf\u00fcllung eines Vertrags oder vorvertraglicher T\u00e4tigkeiten<\/li>\n \t<li><b><i>Speicherfrist oder -kriterien<\/i><\/b>\nDer Lebenslauf und die im Rahmen eines Auswahlverfahrens erhobenen Daten werden 24 Monate lang aufbewahrt. Bei einer Einstellung werden die Daten f\u00fcr die Dauer des Vertrags aufbewahrt.<\/li>\n<\/ul>\nBesondere Daten im Sinne von Artikel 9 Absatz 1 der Verordnung (EU) Nr. 679\/2016 (wie z. B. Gesundheitsdaten) k\u00f6nnen auch ohne Einwilligung in den F\u00e4llen gem\u00e4\u00df Artikel 9 Absatz 2 derselben Verordnung verarbeitet werden. Dabei gilt:\u00a0<i>\u201eDie Verarbeitung ist erforderlich, damit der Verantwortliche oder die betroffene Person die ihm bzw. ihr aus dem Arbeitsrecht und dem Recht der sozialen Sicherheit und des Sozialschutzes erwachsenden Rechte aus\u00fcben und seinen bzw. ihren diesbez\u00fcglichen Pflichten nachkommen kann, soweit dies nach Unionsrecht oder dem Recht der Mitgliedstaaten oder einer Kollektivvereinbarung nach dem Recht der Mitgliedstaaten, das geeignete Garantien f\u00fcr die Grundrechte und die Interessen der betroffenen Person vorsieht, zul\u00e4ssig ist\u201c.<\/i>\n<h3><\/h3>\n<h3>Obligatorische oder fakultative Daten\u00fcbermittlung<\/h3>\nHiermit wird unter Ber\u00fccksichtigung der oben genannten Verarbeitungszwecke Folgendes mitgeteilt:\n<ul>\n \t<li>Die \u00dcbermittlung der mit einem Sternchen gekennzeichneten Daten ist notwendig: Bei einer Nichtbereitstellung kann der Verantwortliche Ihre Anfrage eventuell nicht ber\u00fccksichtigen und Ihnen nicht wie gew\u00fcnscht antworten.<\/li>\n \t<li>Die \u00dcbermittlung von Daten, die nicht mit einem Sternchen versehen sind, ist fakultativ: Bei einer Nichtbereitstellung k\u00f6nnen die von Ihnen gew\u00fcnschten Angaben in jedem Fall erteilt werden.<\/li>\n<\/ul>\n<h3><\/h3>\n<h3>Empf\u00e4nger oder Kategorien von Empf\u00e4ngern<\/h3>\nDie personenbezogenen Daten werden vom Verantwortlichen und von den von ihm beauftragten Personen verarbeitet.\nDie Daten k\u00f6nnen an die folgenden Kategorien von Dritten weitergegeben werden:\n<ul>\n \t<li>Berater, Fachleute und Dienstleister, die f\u00fcr die angegebenen Zwecke erforderlich sind und die Daten als Auftragsverarbeiter verarbeiten, mit denen eine Vereinbarung gem\u00e4\u00df Artikel 28 GDPR abgeschlossen wurde.<\/li>\n \t<li>Banken und andere autonome Verantwortliche, deren Verarbeitung f\u00fcr die angegebenen Zwecke erforderlich ist.<\/li>\n \t<li>\u00f6ffentliche Einrichtungen und andere Beh\u00f6rden, an die die Mitteilung gesetzlich oder auf Anordnung der Beh\u00f6rde erforderlich ist.<\/li>\n<\/ul>\nDie Daten werden nicht weitergegeben.\n<h3><\/h3>\n<h3>Recht auf Beschwerde bei der Aufsichtsbeh\u00f6rde<\/h3>\nDie betroffene Person hat das Recht, eine Beschwerde bei der Aufsichtsbeh\u00f6rde einzureichen (f\u00fcr deutschsprachige L\u00e4nder: Garante per la protezione dei dati personali\u00a0<a href=\"https:\/\/www.garanteprivacy.it\/\">www.garanteprivacy.it<\/a>).\n<h3><\/h3>\n<h3>Rechte der betroffenen Personen<\/h3>\nEs kann jederzeit das Recht auf Auskunft, Berichtigung oder L\u00f6schung der betreffenden personenbezogenen Daten, Einschr\u00e4nkung der Verarbeitung, Widerspruch und \u00dcbertragbarkeit gem\u00e4\u00df Artikel 15-20 der Verordnung (EU) Nr. 679\/2016 ausge\u00fcbt werden. Dies erfolgt durch eine E-Mail-Anfrage an\u00a0<a href=\"mailto:%2520privacy@santanna.it\">privacy@santanna.it<\/a>.\nDie Aus\u00fcbung der Rechte der betroffenen Person kann in den in Artikel 2-undecies des Gesetzesdekrets 196\/03 vorgesehenen F\u00e4llen verz\u00f6gert, eingeschr\u00e4nkt oder ausgeschlossen werden.\n<h3><\/h3>\n<h3>Bestehen einer automatisierten Entscheidungsfindung<\/h3>\nDie Verarbeitung beinhaltet keine automatisierte Entscheidungsfindung.\n<h3><\/h3>\n<h3>\u00dcbermittlung von Daten an ein Drittland oder eine internationale Organisation<\/h3>\nDer\u00a0 Verantwortliche wird keine personenbezogenen Daten an ein Drittland oder eine internationale Organisation weitergeben.\n<h3><\/h3>\n<h3>Quelle und Herkunft der Daten<\/h3>\nHiermit wird nach Art.14 3a der Verordnung (EU) 679\/2016 mitgeteilt, dass die Daten auf der Website\u00a0<a href=\"https:\/\/www.santanna.it\/lavora-con-noi\/\">https:\/\/www.santanna.it<\/a>\u00a0erhoben wurden.\nEinwilligung zur Datenschutzerkl\u00e4rung (n\u00f6tig)\nDie betroffene Person hat obigen Datenschutzhinweis gelesen und erkl\u00e4rt oder verweigert ihre Einwilligung zu den folgenden Zwecken:\u00a0<b>\u201eAuswahl der Mitarbeiter\u201c<\/b>\t\t\t\t\t\t\t\t<\/div>\n\t\t\t\t<\/div>\n\t\t\t\t\t<\/div>\n\t\t\t\t<\/div>\n\t\t\t\t<\/div>\n\t\t","protected":false},"excerpt":{"rendered":"<p>Datenschutzerklaerung Arbeiten sie mit uns In diesem Abschnitt k\u00f6nnen Sie die Datenschutzrichtlinie f\u00fcr das Formular &#8222;Arbeiten Sie mit uns&#8220; einsehen. &nbsp; DATENSCHUTZHINWEIS NACH ART. 13 DER VERORDNUNG (EU) 679\/2016 (GDPR &#8211; GENERAL DATA PROTECTION REGULATION) UND ART.111 bis DES ITALIENISCHEN GESETZESDEKRETS 196\/2003, GE\u00c4NDERT DURCH GESETZESDEKRET 101\/2018 ZUR VERARBEITUNG VON PERSONENBEZOGENEN DATEN : AUSWAHL DER MITARBEITER Verantwortlicher LDer Verantwortliche ist Acqua Sant\u2019Anna S.p.A. mit Firmensitz in Via Commendator Giuseppe Bertone, 1 \u2013 12010 Vinadio (Cuneo) &#8211; Italien Beschreibung der Verarbeitung Verwaltung der Lebensl\u00e4ufe und Bewerbungen Zweck, Rechtsgrundlage und Frist Die Verarbeitung wird wie folgt ausgef\u00fchrt: Zweck Auswahl der Mitarbeiter Rechtsgrundlage (Art.6 1.b Verordnung (EU) 679\/2016) Erf\u00fcllung eines Vertrags oder vorvertraglicher T\u00e4tigkeiten Speicherfrist oder -kriterien Der Lebenslauf und die im Rahmen eines Auswahlverfahrens erhobenen Daten werden 24 Monate lang aufbewahrt. Bei einer Einstellung werden die Daten f\u00fcr die Dauer des Vertrags aufbewahrt. Besondere Daten im Sinne von Artikel 9 Absatz 1 der Verordnung (EU) Nr. 679\/2016 (wie z. B. Gesundheitsdaten) k\u00f6nnen auch ohne Einwilligung in den F\u00e4llen gem\u00e4\u00df Artikel 9 Absatz 2 derselben Verordnung verarbeitet werden. Dabei gilt:\u00a0\u201eDie Verarbeitung ist erforderlich, damit der Verantwortliche oder die betroffene Person die ihm bzw. ihr aus dem Arbeitsrecht und dem Recht der sozialen Sicherheit und des Sozialschutzes erwachsenden Rechte aus\u00fcben und seinen bzw. ihren diesbez\u00fcglichen Pflichten nachkommen kann, soweit dies nach Unionsrecht oder dem Recht der Mitgliedstaaten oder einer Kollektivvereinbarung nach dem Recht der Mitgliedstaaten, das geeignete Garantien f\u00fcr die Grundrechte und die Interessen der betroffenen Person vorsieht, zul\u00e4ssig ist\u201c. Obligatorische oder fakultative Daten\u00fcbermittlung Hiermit wird unter Ber\u00fccksichtigung der oben genannten Verarbeitungszwecke Folgendes mitgeteilt: Die \u00dcbermittlung der mit einem Sternchen gekennzeichneten Daten ist notwendig: Bei einer Nichtbereitstellung kann der Verantwortliche Ihre Anfrage eventuell nicht ber\u00fccksichtigen und Ihnen nicht wie gew\u00fcnscht antworten. Die \u00dcbermittlung von Daten, die nicht mit einem Sternchen versehen sind, ist fakultativ: Bei einer Nichtbereitstellung k\u00f6nnen die von Ihnen gew\u00fcnschten Angaben in jedem Fall erteilt werden. Empf\u00e4nger oder Kategorien von Empf\u00e4ngern Die personenbezogenen Daten werden vom Verantwortlichen und von den von ihm beauftragten Personen verarbeitet. Die Daten k\u00f6nnen an die folgenden Kategorien von Dritten weitergegeben werden: Berater, Fachleute und Dienstleister, die f\u00fcr die angegebenen Zwecke erforderlich sind und die Daten als Auftragsverarbeiter verarbeiten, mit denen eine Vereinbarung gem\u00e4\u00df Artikel 28 GDPR abgeschlossen wurde. Banken und andere autonome Verantwortliche, deren Verarbeitung f\u00fcr die angegebenen Zwecke erforderlich ist. \u00f6ffentliche Einrichtungen und andere Beh\u00f6rden, an die die Mitteilung gesetzlich oder auf Anordnung der Beh\u00f6rde erforderlich ist. Die Daten werden nicht weitergegeben. Recht auf Beschwerde bei der Aufsichtsbeh\u00f6rde Die betroffene Person hat das Recht, eine Beschwerde bei der Aufsichtsbeh\u00f6rde einzureichen (f\u00fcr deutschsprachige L\u00e4nder: Garante per la protezione dei dati personali\u00a0www.garanteprivacy.it). Rechte der betroffenen Personen Es kann jederzeit das Recht auf Auskunft, Berichtigung oder L\u00f6schung der betreffenden personenbezogenen Daten, Einschr\u00e4nkung der Verarbeitung, Widerspruch und \u00dcbertragbarkeit gem\u00e4\u00df Artikel 15-20 der Verordnung (EU) Nr. 679\/2016 ausge\u00fcbt werden. Dies erfolgt durch eine E-Mail-Anfrage an\u00a0privacy@santanna.it. Die Aus\u00fcbung der Rechte der betroffenen Person kann in den in Artikel 2-undecies des Gesetzesdekrets 196\/03 vorgesehenen F\u00e4llen verz\u00f6gert, eingeschr\u00e4nkt oder ausgeschlossen werden. Bestehen einer automatisierten Entscheidungsfindung Die Verarbeitung beinhaltet keine automatisierte Entscheidungsfindung. \u00dcbermittlung von Daten an ein Drittland oder eine internationale Organisation Der\u00a0 Verantwortliche wird keine personenbezogenen Daten an ein Drittland oder eine internationale Organisation weitergeben. Quelle und Herkunft der Daten Hiermit wird nach Art.14 3a der Verordnung (EU) 679\/2016 mitgeteilt, dass die Daten auf der Website\u00a0https:\/\/www.santanna.it\u00a0erhoben wurden. Einwilligung zur Datenschutzerkl\u00e4rung (n\u00f6tig) Die betroffene Person hat obigen Datenschutzhinweis gelesen und erkl\u00e4rt oder verweigert ihre Einwilligung zu den folgenden Zwecken:\u00a0\u201eAuswahl der Mitarbeiter\u201c<\/p>\n","protected":false},"author":1,"featured_media":0,"parent":45400,"menu_order":0,"comment_status":"closed","ping_status":"closed","template":"","meta":{"ocean_front_end_style_editor":"no","ocean_post_layout":"","ocean_both_sidebars_style":"","ocean_both_sidebars_content_width":0,"ocean_both_sidebars_sidebars_width":0,"ocean_sidebar":"0","ocean_second_sidebar":"0","ocean_disable_margins":"enable","ocean_add_body_class":"","ocean_shortcode_before_top_bar":"","ocean_shortcode_after_top_bar":"","ocean_shortcode_before_header":"","ocean_shortcode_after_header":"","ocean_has_shortcode":"","ocean_shortcode_after_title":"","ocean_shortcode_before_footer_widgets":"","ocean_shortcode_after_footer_widgets":"","ocean_shortcode_before_footer_bottom":"","ocean_shortcode_after_footer_bottom":"","ocean_display_top_bar":"default","ocean_display_header":"default","ocean_header_style":"","ocean_center_header_left_menu":"0","ocean_custom_header_template":"0","ocean_custom_logo":0,"ocean_custom_retina_logo":0,"ocean_custom_logo_max_width":0,"ocean_custom_logo_tablet_max_width":0,"ocean_custom_logo_mobile_max_width":0,"ocean_custom_logo_max_height":0,"ocean_custom_logo_tablet_max_height":0,"ocean_custom_logo_mobile_max_height":0,"ocean_header_custom_menu":"0","ocean_menu_typo_font_family":"0","ocean_menu_typo_font_subset":"","ocean_menu_typo_font_size":0,"ocean_menu_typo_font_size_tablet":0,"ocean_menu_typo_font_size_mobile":0,"ocean_menu_typo_font_size_unit":"px","ocean_menu_typo_font_weight":"","ocean_menu_typo_font_weight_tablet":"","ocean_menu_typo_font_weight_mobile":"","ocean_menu_typo_transform":"","ocean_menu_typo_transform_tablet":"","ocean_menu_typo_transform_mobile":"","ocean_menu_typo_line_height":0,"ocean_menu_typo_line_height_tablet":0,"ocean_menu_typo_line_height_mobile":0,"ocean_menu_typo_line_height_unit":"","ocean_menu_typo_spacing":0,"ocean_menu_typo_spacing_tablet":0,"ocean_menu_typo_spacing_mobile":0,"ocean_menu_typo_spacing_unit":"","ocean_menu_link_color":"","ocean_menu_link_color_hover":"","ocean_menu_link_color_active":"","ocean_menu_link_background":"","ocean_menu_link_hover_background":"","ocean_menu_link_active_background":"","ocean_menu_social_links_bg":"","ocean_menu_social_hover_links_bg":"","ocean_menu_social_links_color":"","ocean_menu_social_hover_links_color":"","ocean_disable_title":"default","ocean_disable_heading":"default","ocean_post_title":"","ocean_post_subheading":"","ocean_post_title_style":"","ocean_post_title_background_color":"","ocean_post_title_background":0,"ocean_post_title_bg_image_position":"","ocean_post_title_bg_image_attachment":"","ocean_post_title_bg_image_repeat":"","ocean_post_title_bg_image_size":"","ocean_post_title_height":0,"ocean_post_title_bg_overlay":0.5,"ocean_post_title_bg_overlay_color":"","ocean_disable_breadcrumbs":"default","ocean_breadcrumbs_color":"","ocean_breadcrumbs_separator_color":"","ocean_breadcrumbs_links_color":"","ocean_breadcrumbs_links_hover_color":"","ocean_display_footer_widgets":"default","ocean_display_footer_bottom":"default","ocean_custom_footer_template":"0","footnotes":""},"class_list":["post-45412","page","type-page","status-publish","hentry","entry"],"yoast_head":"<!-- This site is optimized with the Yoast SEO plugin v28.1 - https:\/\/yoast.com\/product\/yoast-seo-wordpress\/ -->\n<title>Datenschutzerklaerung - Arbeiten sie mit uns<\/title>\n<meta name=\"description\" content=\"In diesem Abschnitt k\u00f6nnen Sie die Datenschutzrichtlinie f\u00fcr das Formular &quot;Arbeiten Sie mit uns&quot; einsehen\" \/>\n<meta name=\"robots\" content=\"index, follow, max-snippet:-1, max-image-preview:large, max-video-preview:-1\" \/>\n<link rel=\"canonical\" href=\"https:\/\/www.santanna.it\/de\/datenschutzerklaerung\/arbeiten-sie-mit-uns\/\" \/>\n<meta property=\"og:locale\" content=\"de_DE\" \/>\n<meta property=\"og:type\" content=\"article\" \/>\n<meta property=\"og:title\" content=\"Datenschutzerklaerung - Arbeiten sie mit uns\" \/>\n<meta property=\"og:description\" content=\"In diesem Abschnitt k\u00f6nnen Sie die Datenschutzrichtlinie f\u00fcr das Formular &quot;Arbeiten Sie mit uns&quot; einsehen\" \/>\n<meta property=\"og:url\" content=\"https:\/\/www.santanna.it\/de\/datenschutzerklaerung\/arbeiten-sie-mit-uns\/\" \/>\n<meta property=\"og:site_name\" content=\"Acqua Sant&#039;Anna\" \/>\n<meta property=\"article:modified_time\" content=\"2026-07-17T07:39:17+00:00\" \/>\n<meta name=\"twitter:card\" content=\"summary_large_image\" \/>\n<meta name=\"twitter:label1\" content=\"Gesch\u00e4tzte Lesezeit\" \/>\n\t<meta name=\"twitter:data1\" content=\"4\u00a0Minuten\" \/>\n<!-- \/ Yoast SEO plugin. -->","yoast_head_json":{"title":"Datenschutzerklaerung - Arbeiten sie mit uns","description":"In diesem Abschnitt k\u00f6nnen Sie die Datenschutzrichtlinie f\u00fcr das Formular \"Arbeiten Sie mit uns\" einsehen","robots":{"index":"index","follow":"follow","max-snippet":"max-snippet:-1","max-image-preview":"max-image-preview:large","max-video-preview":"max-video-preview:-1"},"canonical":"https:\/\/www.santanna.it\/de\/datenschutzerklaerung\/arbeiten-sie-mit-uns\/","og_locale":"de_DE","og_type":"article","og_title":"Datenschutzerklaerung - Arbeiten sie mit uns","og_description":"In diesem Abschnitt k\u00f6nnen Sie die Datenschutzrichtlinie f\u00fcr das Formular \"Arbeiten Sie mit uns\" einsehen","og_url":"https:\/\/www.santanna.it\/de\/datenschutzerklaerung\/arbeiten-sie-mit-uns\/","og_site_name":"Acqua Sant&#039;Anna","article_modified_time":"2026-07-17T07:39:17+00:00","twitter_card":"summary_large_image","twitter_misc":{"Gesch\u00e4tzte Lesezeit":"4\u00a0Minuten"},"schema":{"@context":"https:\/\/schema.org","@graph":[{"@type":"WebPage","@id":"https:\/\/www.santanna.it\/de\/datenschutzerklaerung\/arbeiten-sie-mit-uns\/","url":"https:\/\/www.santanna.it\/de\/datenschutzerklaerung\/arbeiten-sie-mit-uns\/","name":"Datenschutzerklaerung - Arbeiten sie mit uns","isPartOf":{"@id":"https:\/\/www.santanna.it\/de\/#website"},"datePublished":"2026-02-09T09:19:08+00:00","dateModified":"2026-07-17T07:39:17+00:00","description":"In diesem Abschnitt k\u00f6nnen Sie die Datenschutzrichtlinie f\u00fcr das Formular \"Arbeiten Sie mit uns\" einsehen","breadcrumb":{"@id":"https:\/\/www.santanna.it\/de\/datenschutzerklaerung\/arbeiten-sie-mit-uns\/#breadcrumb"},"inLanguage":"de","potentialAction":[{"@type":"ReadAction","target":["https:\/\/www.santanna.it\/de\/datenschutzerklaerung\/arbeiten-sie-mit-uns\/"]}]},{"@type":"BreadcrumbList","@id":"https:\/\/www.santanna.it\/de\/datenschutzerklaerung\/arbeiten-sie-mit-uns\/#breadcrumb","itemListElement":[{"@type":"ListItem","position":1,"name":"Sant'Anna Wasser","item":"https:\/\/www.santanna.it\/de\/"},{"@type":"ListItem","position":2,"name":"Datenschutzerkl\u00e4rung","item":"https:\/\/www.santanna.it\/de\/datenschutzerklaerung\/"},{"@type":"ListItem","position":3,"name":"Datenschutzerklaerung &#8211; Arbeiten s&hellip;"}]},{"@type":"WebSite","@id":"https:\/\/www.santanna.it\/de\/#website","url":"https:\/\/www.santanna.it\/de\/","name":"Acqua Sant'Anna","description":"L&#039;acqua. La nostra origine.","publisher":{"@id":"https:\/\/www.santanna.it\/de\/#organization"},"potentialAction":[{"@type":"SearchAction","target":{"@type":"EntryPoint","urlTemplate":"https:\/\/www.santanna.it\/de\/?s={search_term_string}"},"query-input":{"@type":"PropertyValueSpecification","valueRequired":true,"valueName":"search_term_string"}}],"inLanguage":"de"},{"@type":"Organization","@id":"https:\/\/www.santanna.it\/de\/#organization","name":"Acqua Sant'Anna","url":"https:\/\/www.santanna.it\/de\/","logo":{"@type":"ImageObject","inLanguage":"de","@id":"https:\/\/www.santanna.it\/de\/#\/schema\/logo\/image\/","url":"https:\/\/www.santanna.it\/wp-content\/uploads\/2024\/02\/cropped-SA-logo-bianco.png","contentUrl":"https:\/\/www.santanna.it\/wp-content\/uploads\/2024\/02\/cropped-SA-logo-bianco.png","width":354,"height":188,"caption":"Acqua Sant'Anna"},"image":{"@id":"https:\/\/www.santanna.it\/de\/#\/schema\/logo\/image\/"}}]}},"_links":{"self":[{"href":"https:\/\/www.santanna.it\/de\/wp-json\/wp\/v2\/pages\/45412","targetHints":{"allow":["GET"]}}],"collection":[{"href":"https:\/\/www.santanna.it\/de\/wp-json\/wp\/v2\/pages"}],"about":[{"href":"https:\/\/www.santanna.it\/de\/wp-json\/wp\/v2\/types\/page"}],"author":[{"embeddable":true,"href":"https:\/\/www.santanna.it\/de\/wp-json\/wp\/v2\/users\/1"}],"replies":[{"embeddable":true,"href":"https:\/\/www.santanna.it\/de\/wp-json\/wp\/v2\/comments?post=45412"}],"version-history":[{"count":5,"href":"https:\/\/www.santanna.it\/de\/wp-json\/wp\/v2\/pages\/45412\/revisions"}],"predecessor-version":[{"id":46896,"href":"https:\/\/www.santanna.it\/de\/wp-json\/wp\/v2\/pages\/45412\/revisions\/46896"}],"up":[{"embeddable":true,"href":"https:\/\/www.santanna.it\/de\/wp-json\/wp\/v2\/pages\/45400"}],"wp:attachment":[{"href":"https:\/\/www.santanna.it\/de\/wp-json\/wp\/v2\/media?parent=45412"}],"curies":[{"name":"wp","href":"https:\/\/api.w.org\/{rel}","templated":true}]}}